{"id":1885,"date":"2017-10-04T09:59:15","date_gmt":"2017-10-04T09:59:15","guid":{"rendered":"http:\/\/guzel.av.tr\/?page_id=1885"},"modified":"2021-03-30T11:30:51","modified_gmt":"2021-03-30T08:30:51","slug":"home","status":"publish","type":"page","link":"https:\/\/guzel.av.tr\/fr\/","title":{"rendered":"PAGE D&#8217;ACCUEIL"},"content":{"rendered":"<div class=\"wpb-content-wrapper\"><p>[vc_row][vc_column][layerslider_vc id=&#8221;9&#8243;][\/vc_column][\/vc_row][vc_row][vc_column]<div class=\"\">\n\t<div class=\"rt-vc-title-2 rtin-section-title-center\">\n\t\t\t\t\t<h2 class=\"rt-section-title-vc title16 mitle16\" style=\"font-size:24px; color:#dd0f0f;\">YAYINLAR<\/h2>\n\t\t\t<\/div>\n<\/div><div class=\"rt-post-vc-section-2 owl-wrap rt-owl-nav-1  slider-nav-enabled\">\t\r\n\t<div class=\"section-title-content row\">\r\n\t\t\t\t\t<div class=\"section-title\">\r\n\t\t\t<h2 class=\"section-title-holder\" style=\"color:#dd0d0d;\"><\/h2>\r\n\t\t\t<\/div>\r\n\t\t\t<div class=\"clear\"><\/div>\r\n\t\t\t<\/div>\r\n\t<div class=\"owl-theme owl-carousel rt-owl-carousel row\" data-carousel-options=\"{&quot;nav&quot;:true,&quot;navText&quot;:[&quot;&lt;i class=&#039;fa fa-angle-left&#039;&gt;&lt;\\\/i&gt;&quot;,&quot;&lt;i class=&#039;fa fa-angle-right&#039;&gt;&lt;\\\/i&gt;&quot;],&quot;dots&quot;:true,&quot;autoplay&quot;:true,&quot;autoplayTimeout&quot;:&quot;5000&quot;,&quot;autoplaySpeed&quot;:&quot;200&quot;,&quot;autoplayHoverPause&quot;:true,&quot;loop&quot;:true,&quot;margin&quot;:15,&quot;responsive&quot;:{&quot;0&quot;:{&quot;items&quot;:1},&quot;480&quot;:{&quot;items&quot;:2},&quot;768&quot;:{&quot;items&quot;:3},&quot;992&quot;:{&quot;items&quot;:3},&quot;1200&quot;:{&quot;items&quot;:3}}}\">\r\n\t\t\t\t\t\t\t\t\t\t\t\r\n\t\t\t<div class=\"rtin-single-post\">\r\n\t\t\t\t<div class=\"rtin-item-image\">\r\n\t\t\t\t\t<a href=\"https:\/\/guzel.av.tr\/fr\/turkish-turk-rekabet-hukukunda-idari-para-cezalarinin-gelisimi-yuksek-oranli-cezalara-dogru-bir-gecis\/\">\r\n\t\t\t\t\t\t<img loading=\"lazy\" decoding=\"async\" width=\"560\" height=\"410\" src=\"https:\/\/guzel.av.tr\/wp-content\/uploads\/2021\/11\/6184f89d86b2443ab85f4ada-560x410.jpeg\" class=\"attachment-rdtheme-size7 size-rdtheme-size7 wp-post-image\" alt=\"\" \/>\t\t\t\t\t<\/a>\r\n\t\t\t\t\t<span class=\"date\">ao\u00fbt<br>28<br>2025<\/span>\t\t\t\t<\/div>\r\n\t\t\t\t<div class=\"rtin-item-info\">\r\n\t\t\t\t\t<h3><a href=\"https:\/\/guzel.av.tr\/fr\/turkish-turk-rekabet-hukukunda-idari-para-cezalarinin-gelisimi-yuksek-oranli-cezalara-dogru-bir-gecis\/\">(Turkish) T\u00dcRK REKABET HUKUKUNDA \u0130DAR\u0130 PARA CEZALARININ GEL\u0130\u015e\u0130M\u0130:  Y\u00dcKSEK ORANLI CEZALARA DO\u011eRU B\u0130R GE\u00c7\u0130\u015e<\/a><\/h3>\r\n\t\t\t\t\t<p>D\u00e9sol\u00e9, cet article est seulement disponible en Turkish.<\/p>\r\n\t\t\t\t<\/div>\r\n\t\t\t<\/div>\t\t\t\r\n\t\t\t\t\t\t\t\t\t\t\r\n\t\t\t<div class=\"rtin-single-post\">\r\n\t\t\t\t<div class=\"rtin-item-image\">\r\n\t\t\t\t\t<a href=\"https:\/\/guzel.av.tr\/fr\/the-evolution-of-administrative-fines-in-turkish-competion-law-a-shift-toward-stringent-penalties\/\">\r\n\t\t\t\t\t\t<img loading=\"lazy\" decoding=\"async\" width=\"560\" height=\"410\" src=\"https:\/\/guzel.av.tr\/wp-content\/uploads\/2018\/10\/asdf-560x410.jpg\" class=\"attachment-rdtheme-size7 size-rdtheme-size7 wp-post-image\" alt=\"\" \/>\t\t\t\t\t<\/a>\r\n\t\t\t\t\t<span class=\"date\">ao\u00fbt<br>28<br>2025<\/span>\t\t\t\t<\/div>\r\n\t\t\t\t<div class=\"rtin-item-info\">\r\n\t\t\t\t\t<h3><a href=\"https:\/\/guzel.av.tr\/fr\/the-evolution-of-administrative-fines-in-turkish-competion-law-a-shift-toward-stringent-penalties\/\">(English) THE EVOLUTION OF ADMINISTRATIVE FINES IN TURKISH COMPETION LAW:  A SHIFT TOWARD STRINGENT PENALTIES<\/a><\/h3>\r\n\t\t\t\t\t<p>D\u00e9sol\u00e9, cet article est seulement disponible en English.<\/p>\r\n\t\t\t\t<\/div>\r\n\t\t\t<\/div>\t\t\t\r\n\t\t\t\t\t\t\t\t\t\t\r\n\t\t\t<div class=\"rtin-single-post\">\r\n\t\t\t\t<div class=\"rtin-item-image\">\r\n\t\t\t\t\t<a href=\"https:\/\/guzel.av.tr\/fr\/turkiye-has-opened-an-anti-dumping-investigation-against-korean-steel-products\/\">\r\n\t\t\t\t\t\t<img loading=\"lazy\" decoding=\"async\" width=\"560\" height=\"410\" src=\"https:\/\/guzel.av.tr\/wp-content\/uploads\/2017\/09\/industrial_law-560x410.jpg\" class=\"attachment-rdtheme-size7 size-rdtheme-size7 wp-post-image\" alt=\"\" \/>\t\t\t\t\t<\/a>\r\n\t\t\t\t\t<span class=\"date\">avril<br>16<br>2024<\/span>\t\t\t\t<\/div>\r\n\t\t\t\t<div class=\"rtin-item-info\">\r\n\t\t\t\t\t<h3><a href=\"https:\/\/guzel.av.tr\/fr\/turkiye-has-opened-an-anti-dumping-investigation-against-korean-steel-products\/\">(English) TURKIYE HAS OPENED AN  ANTI &#8211; DUMPING INVESTIGATION AGAINST KOREAN STEEL PRODUCTS<\/a><\/h3>\r\n\t\t\t\t\t<p>D\u00e9sol\u00e9, cet article est seulement disponible en English.<\/p>\r\n\t\t\t\t<\/div>\r\n\t\t\t<\/div>\t\t\t\r\n\t\t\t\t\t\t\t\t\t\t\r\n\t\t\t<div class=\"rtin-single-post\">\r\n\t\t\t\t<div class=\"rtin-item-image\">\r\n\t\t\t\t\t<a href=\"https:\/\/guzel.av.tr\/fr\/turkish-turk-rekabet-hukuku-uygulamasinda-birlesme-veya-devralmalarin-kontrolu-mevzuatinda-onemli-degisiklikler-gerceklesti\/\">\r\n\t\t\t\t\t\t<img loading=\"lazy\" decoding=\"async\" width=\"319\" height=\"158\" src=\"https:\/\/guzel.av.tr\/wp-content\/uploads\/2022\/03\/merger-and-acquisitions.jpg\" class=\"attachment-rdtheme-size7 size-rdtheme-size7 wp-post-image\" alt=\"\" \/>\t\t\t\t\t<\/a>\r\n\t\t\t\t\t<span class=\"date\">mars<br>17<br>2022<\/span>\t\t\t\t<\/div>\r\n\t\t\t\t<div class=\"rtin-item-info\">\r\n\t\t\t\t\t<h3><a href=\"https:\/\/guzel.av.tr\/fr\/turkish-turk-rekabet-hukuku-uygulamasinda-birlesme-veya-devralmalarin-kontrolu-mevzuatinda-onemli-degisiklikler-gerceklesti\/\">(Turkish) T\u00dcRK REKABET HUKUKU UYGULAMASINDA B\u0130RLE\u015eME VEYA DEVRALMALARIN KONTROL\u00dc MEVZUATINDA \u00d6NEML\u0130 DE\u011e\u0130\u015e\u0130KL\u0130KLER GER\u00c7EKLE\u015eT\u0130<\/a><\/h3>\r\n\t\t\t\t\t<p>D\u00e9sol\u00e9, cet article est seulement disponible en Turkish et English.<\/p>\r\n\t\t\t\t<\/div>\r\n\t\t\t<\/div>\t\t\t\r\n\t\t\t\t\t\t\t\t\t\t\r\n\t\t\t<div class=\"rtin-single-post\">\r\n\t\t\t\t<div class=\"rtin-item-image\">\r\n\t\t\t\t\t<a href=\"https:\/\/guzel.av.tr\/fr\/non-voluntary-licences\/\">\r\n\t\t\t\t\t\t<img loading=\"lazy\" decoding=\"async\" width=\"275\" height=\"183\" src=\"https:\/\/guzel.av.tr\/wp-content\/uploads\/2022\/02\/indir.jpeg\" class=\"attachment-rdtheme-size7 size-rdtheme-size7 wp-post-image\" alt=\"\" \/>\t\t\t\t\t<\/a>\r\n\t\t\t\t\t<span class=\"date\">f\u00e9vr.<br>09<br>2022<\/span>\t\t\t\t<\/div>\r\n\t\t\t\t<div class=\"rtin-item-info\">\r\n\t\t\t\t\t<h3><a href=\"https:\/\/guzel.av.tr\/fr\/non-voluntary-licences\/\">NON\u2013VOLUNTARY LICENCES<\/a><\/h3>\r\n\t\t\t\t\t<p>Introduction As I write these lines, the total number of COVID-19 cases worldwide is nearly\u2026<\/p>\r\n\t\t\t\t<\/div>\r\n\t\t\t<\/div>\t\t\t\r\n\t\t\t\t\t\t\t\t\t\t\r\n\t\t\t<div class=\"rtin-single-post\">\r\n\t\t\t\t<div class=\"rtin-item-image\">\r\n\t\t\t\t\t<a href=\"https:\/\/guzel.av.tr\/fr\/question-of-arbitrability-on-the-issue-of-lease-agreement-for-immovable-property-under-turkish-law\/\">\r\n\t\t\t\t\t\t<img loading=\"lazy\" decoding=\"async\" width=\"383\" height=\"132\" src=\"https:\/\/guzel.av.tr\/wp-content\/uploads\/2022\/01\/indir.jpeg\" class=\"attachment-rdtheme-size7 size-rdtheme-size7 wp-post-image\" alt=\"\" \/>\t\t\t\t\t<\/a>\r\n\t\t\t\t\t<span class=\"date\">janv.<br>11<br>2022<\/span>\t\t\t\t<\/div>\r\n\t\t\t\t<div class=\"rtin-item-info\">\r\n\t\t\t\t\t<h3><a href=\"https:\/\/guzel.av.tr\/fr\/question-of-arbitrability-on-the-issue-of-lease-agreement-for-immovable-property-under-turkish-law\/\">Question of Arbitrability on the Issue of Lease Agreement for Immovable Property under Turkish Law<\/a><\/h3>\r\n\t\t\t\t\t<p>This paper intended to analyze and to give some information and evaluations regarding the issue\u2026<\/p>\r\n\t\t\t\t<\/div>\r\n\t\t\t<\/div>\t\t\t\r\n\t\t\t\t\t\t\t\t\t\t\r\n\t\t\t<div class=\"rtin-single-post\">\r\n\t\t\t\t<div class=\"rtin-item-image\">\r\n\t\t\t\t\t<a href=\"https:\/\/guzel.av.tr\/fr\/turkish-rekabet-hukuku-kapsaminda-bilgi-degisimi\/\">\r\n\t\t\t\t\t\t<img loading=\"lazy\" decoding=\"async\" width=\"225\" height=\"225\" src=\"https:\/\/guzel.av.tr\/wp-content\/uploads\/2021\/12\/indir.png\" class=\"attachment-rdtheme-size7 size-rdtheme-size7 wp-post-image\" alt=\"\" \/>\t\t\t\t\t<\/a>\r\n\t\t\t\t\t<span class=\"date\">d\u00e9c.<br>28<br>2021<\/span>\t\t\t\t<\/div>\r\n\t\t\t\t<div class=\"rtin-item-info\">\r\n\t\t\t\t\t<h3><a href=\"https:\/\/guzel.av.tr\/fr\/turkish-rekabet-hukuku-kapsaminda-bilgi-degisimi\/\">THE EXCHANGE OF INFORMATION UNDER COMPETITION LAW<\/a><\/h3>\r\n\t\t\t\t\t<p>Journal of Intellectual and Industrial Rights, Volume No.:17, Issue No.:61, 2021, pp.95-116. THE EXCHANGE OF\u2026<\/p>\r\n\t\t\t\t<\/div>\r\n\t\t\t<\/div>\t\t\t\r\n\t\t\t\t\t\t\t\t\t\t\r\n\t\t\t<div class=\"rtin-single-post\">\r\n\t\t\t\t<div class=\"rtin-item-image\">\r\n\t\t\t\t\t<a href=\"https:\/\/guzel.av.tr\/fr\/competition-authority-lowers-the-market-share-threshold-determining-block-exemption-in-vertical-agreements\/\">\r\n\t\t\t\t\t\t<img loading=\"lazy\" decoding=\"async\" width=\"560\" height=\"410\" src=\"https:\/\/guzel.av.tr\/wp-content\/uploads\/2021\/11\/6184f89d86b2443ab85f4ada-560x410.jpeg\" class=\"attachment-rdtheme-size7 size-rdtheme-size7 wp-post-image\" alt=\"\" \/>\t\t\t\t\t<\/a>\r\n\t\t\t\t\t<span class=\"date\">nov.<br>16<br>2021<\/span>\t\t\t\t<\/div>\r\n\t\t\t\t<div class=\"rtin-item-info\">\r\n\t\t\t\t\t<h3><a href=\"https:\/\/guzel.av.tr\/fr\/competition-authority-lowers-the-market-share-threshold-determining-block-exemption-in-vertical-agreements\/\">COMPETITION AUTHORITY LOWERS THE MARKET SHARE THRESHOLD DETERMINING BLOCK EXEMPTION IN VERTICAL AGREEMENTS<\/a><\/h3>\r\n\t\t\t\t\t<p>COMPETITION AUTHORITY LOWERS THE MARKET SHARE THRESHOLD DETERMINING BLOCK EXEMPTION IN VERTICAL AGREEMENTS The Communiqu\u00e9\u2026<\/p>\r\n\t\t\t\t<\/div>\r\n\t\t\t<\/div>\t\t\t\r\n\t\t\t\t\t\t\t\t\t\t\r\n\t\t\t<div class=\"rtin-single-post\">\r\n\t\t\t\t<div class=\"rtin-item-image\">\r\n\t\t\t\t\t<a href=\"https:\/\/guzel.av.tr\/fr\/corporate-transformation-process-under-the-law-on-the-protection-of-personal-data\/\">\r\n\t\t\t\t\t\t<img loading=\"lazy\" decoding=\"async\" width=\"512\" height=\"256\" src=\"https:\/\/guzel.av.tr\/wp-content\/uploads\/2021\/10\/unnamed.jpeg\" class=\"attachment-rdtheme-size7 size-rdtheme-size7 wp-post-image\" alt=\"\" \/>\t\t\t\t\t<\/a>\r\n\t\t\t\t\t<span class=\"date\">oct.<br>18<br>2021<\/span>\t\t\t\t<\/div>\r\n\t\t\t\t<div class=\"rtin-item-info\">\r\n\t\t\t\t\t<h3><a href=\"https:\/\/guzel.av.tr\/fr\/corporate-transformation-process-under-the-law-on-the-protection-of-personal-data\/\">CORPORATE TRANSFORMATION PROCESS UNDER THE LAW ON THE PROTECTION OF PERSONAL DATA<\/a><\/h3>\r\n\t\t\t\t\t<p>CORPORATE TRANSFORMATION PROCESS UNDER THE LAW ON THE PROTECTION OF PERSONAL DATA With the entry\u2026<\/p>\r\n\t\t\t\t<\/div>\r\n\t\t\t<\/div>\t\t\t\r\n\t\t\t\t\t\t\t\t\t\t\r\n\t\t\t<div class=\"rtin-single-post\">\r\n\t\t\t\t<div class=\"rtin-item-image\">\r\n\t\t\t\t\t<a href=\"https:\/\/guzel.av.tr\/fr\/evaluation-of-googles-dominant-position\/\">\r\n\t\t\t\t\t\t<img loading=\"lazy\" decoding=\"async\" width=\"386\" height=\"130\" src=\"https:\/\/guzel.av.tr\/wp-content\/uploads\/2021\/10\/indir-1.png\" class=\"attachment-rdtheme-size7 size-rdtheme-size7 wp-post-image\" alt=\"\" \/>\t\t\t\t\t<\/a>\r\n\t\t\t\t\t<span class=\"date\">oct.<br>11<br>2021<\/span>\t\t\t\t<\/div>\r\n\t\t\t\t<div class=\"rtin-item-info\">\r\n\t\t\t\t\t<h3><a href=\"https:\/\/guzel.av.tr\/fr\/evaluation-of-googles-dominant-position\/\">EVALUATION OF GOOGLE&#8217;S DOMINANT POSITION<\/a><\/h3>\r\n\t\t\t\t\t<p>INTRODUCTION In the field of competition law, it is seen that the competition authorities apply\u2026<\/p>\r\n\t\t\t\t<\/div>\r\n\t\t\t<\/div>\t\t\t\r\n\t\t\t\t\t\t\t\t\t\t\r\n\t\t\t<div class=\"rtin-single-post\">\r\n\t\t\t\t<div class=\"rtin-item-image\">\r\n\t\t\t\t\t<a href=\"https:\/\/guzel.av.tr\/fr\/settlement-regulation-has-entered-into-force\/\">\r\n\t\t\t\t\t\t<img loading=\"lazy\" decoding=\"async\" width=\"394\" height=\"305\" src=\"https:\/\/guzel.av.tr\/wp-content\/uploads\/2021\/07\/legal-settlement.jpeg\" class=\"attachment-rdtheme-size7 size-rdtheme-size7 wp-post-image\" alt=\"\" \/>\t\t\t\t\t<\/a>\r\n\t\t\t\t\t<span class=\"date\">juil.<br>20<br>2021<\/span>\t\t\t\t<\/div>\r\n\t\t\t\t<div class=\"rtin-item-info\">\r\n\t\t\t\t\t<h3><a href=\"https:\/\/guzel.av.tr\/fr\/settlement-regulation-has-entered-into-force\/\">SETTLEMENT REGULATION HAS ENTERED INTO FORCE<\/a><\/h3>\r\n\t\t\t\t\t<p>SETTLEMENT REGULATION HAS ENTERED INTO FORCE The Regulation on Settlement Procedure to be Applicable in\u2026<\/p>\r\n\t\t\t\t<\/div>\r\n\t\t\t<\/div>\t\t\t\r\n\t\t\t\t\t\t\t\t\t\t\r\n\t\t\t<div class=\"rtin-single-post\">\r\n\t\t\t\t<div class=\"rtin-item-image\">\r\n\t\t\t\t\t<a href=\"https:\/\/guzel.av.tr\/fr\/settlement-procedure-in-turkish-competition-law\/\">\r\n\t\t\t\t\t\t<img loading=\"lazy\" decoding=\"async\" width=\"275\" height=\"183\" src=\"https:\/\/guzel.av.tr\/wp-content\/uploads\/2021\/05\/images.jpg\" class=\"attachment-rdtheme-size7 size-rdtheme-size7 wp-post-image\" alt=\"\" \/>\t\t\t\t\t<\/a>\r\n\t\t\t\t\t<span class=\"date\">mai<br>04<br>2021<\/span>\t\t\t\t<\/div>\r\n\t\t\t\t<div class=\"rtin-item-info\">\r\n\t\t\t\t\t<h3><a href=\"https:\/\/guzel.av.tr\/fr\/settlement-procedure-in-turkish-competition-law\/\">SETTLEMENT PROCEDURE IN TURKISH COMPETITION LAW<\/a><\/h3>\r\n\t\t\t\t\t<p>\u00a0 SETTLEMENT PROCEDURE IN TURKISH COMPETITION LAW Settlement Mechanism Pursuant to the amendments on Law\u2026<\/p>\r\n\t\t\t\t<\/div>\r\n\t\t\t<\/div>\t\t\t\r\n\t\t\t\t\t\t\t\t\t\t\r\n\t\t\t<div class=\"rtin-single-post\">\r\n\t\t\t\t<div class=\"rtin-item-image\">\r\n\t\t\t\t\t<a href=\"https:\/\/guzel.av.tr\/fr\/considerations-for-companies-when-using-social-media-in-the-context-of-protection-of-personal-data\/\">\r\n\t\t\t\t\t\t<img loading=\"lazy\" decoding=\"async\" width=\"560\" height=\"410\" src=\"https:\/\/guzel.av.tr\/wp-content\/uploads\/2021\/04\/resim-560x410.jpg\" class=\"attachment-rdtheme-size7 size-rdtheme-size7 wp-post-image\" alt=\"\" \/>\t\t\t\t\t<\/a>\r\n\t\t\t\t\t<span class=\"date\">avril<br>05<br>2021<\/span>\t\t\t\t<\/div>\r\n\t\t\t\t<div class=\"rtin-item-info\">\r\n\t\t\t\t\t<h3><a href=\"https:\/\/guzel.av.tr\/fr\/considerations-for-companies-when-using-social-media-in-the-context-of-protection-of-personal-data\/\">CONSIDERATIONS FOR COMPANIES WHEN USING SOCIAL MEDIA IN THE CONTEXT OF PROTECTION OF PERSONAL DATA<\/a><\/h3>\r\n\t\t\t\t\t<p>With the enactment of the Law No. 6698 on the Protection of Personal Data (&#8220;KVKK&#8221;\u2026<\/p>\r\n\t\t\t\t<\/div>\r\n\t\t\t<\/div>\t\t\t\r\n\t\t\t\t\t\t\t\t\t\t\r\n\t\t\t<div class=\"rtin-single-post\">\r\n\t\t\t\t<div class=\"rtin-item-image\">\r\n\t\t\t\t\t<a href=\"https:\/\/guzel.av.tr\/fr\/commitment-communique-entered-into-force\/\">\r\n\t\t\t\t\t\t<img loading=\"lazy\" decoding=\"async\" width=\"340\" height=\"215\" src=\"https:\/\/guzel.av.tr\/wp-content\/uploads\/2021\/03\/grafik-handshake-sw-713.png\" class=\"attachment-rdtheme-size7 size-rdtheme-size7 wp-post-image\" alt=\"\" \/>\t\t\t\t\t<\/a>\r\n\t\t\t\t\t<span class=\"date\">mars<br>17<br>2021<\/span>\t\t\t\t<\/div>\r\n\t\t\t\t<div class=\"rtin-item-info\">\r\n\t\t\t\t\t<h3><a href=\"https:\/\/guzel.av.tr\/fr\/commitment-communique-entered-into-force\/\">COMMITMENT COMMUNIQUE ENTERED INTO FORCE<\/a><\/h3>\r\n\t\t\t\t\t<p>Communiqu\u00e9 regarding Commitments to be submitted in preliminary investigations and investigations for agreements, concerted practice\u2026<\/p>\r\n\t\t\t\t<\/div>\r\n\t\t\t<\/div>\t\t\t\r\n\t\t\t\t\t\t\t\t\t\t\r\n\t\t\t<div class=\"rtin-single-post\">\r\n\t\t\t\t<div class=\"rtin-item-image\">\r\n\t\t\t\t\t<a href=\"https:\/\/guzel.av.tr\/fr\/de-minimis-communique-entered-into-force\/\">\r\n\t\t\t\t\t\t<img loading=\"lazy\" decoding=\"async\" width=\"560\" height=\"179\" src=\"https:\/\/guzel.av.tr\/wp-content\/uploads\/2021\/03\/de-minimis-560x179.png\" class=\"attachment-rdtheme-size7 size-rdtheme-size7 wp-post-image\" alt=\"\" \/>\t\t\t\t\t<\/a>\r\n\t\t\t\t\t<span class=\"date\">mars<br>17<br>2021<\/span>\t\t\t\t<\/div>\r\n\t\t\t\t<div class=\"rtin-item-info\">\r\n\t\t\t\t\t<h3><a href=\"https:\/\/guzel.av.tr\/fr\/de-minimis-communique-entered-into-force\/\">DE MINIMIS COMMUNIQUE ENTERED INTO FORCE<\/a><\/h3>\r\n\t\t\t\t\t<p>Communique regarding Practices not significantly restricting competition entered into force as published in Official Gazette\u2026<\/p>\r\n\t\t\t\t<\/div>\r\n\t\t\t<\/div>\t\t\t\r\n\t\t\t\t\t\t\t\t\t\t\r\n\t\t\t<div class=\"rtin-single-post\">\r\n\t\t\t\t<div class=\"rtin-item-image\">\r\n\t\t\t\t\t<a href=\"https:\/\/guzel.av.tr\/fr\/commitment-application-begins-in-turkish-competiton-law\/\">\r\n\t\t\t\t\t\t\t\t\t\t\t<\/a>\r\n\t\t\t\t\t<span class=\"date\">f\u00e9vr.<br>02<br>2021<\/span>\t\t\t\t<\/div>\r\n\t\t\t\t<div class=\"rtin-item-info\">\r\n\t\t\t\t\t<h3><a href=\"https:\/\/guzel.av.tr\/fr\/commitment-application-begins-in-turkish-competiton-law\/\">COMMITMENT APPLICATION BEGINS  IN TURKISH COMPETITON LAW<\/a><\/h3>\r\n\t\t\t\t\t<p>1. Commitment Mechanism Commitment mechanism has been introduced to Turkish Competition Law practice pursuant to\u2026<\/p>\r\n\t\t\t\t<\/div>\r\n\t\t\t<\/div>\t\t\t\r\n\t\t\t\t\t\t\t\t\t\t\r\n\t\t\t<div class=\"rtin-single-post\">\r\n\t\t\t\t<div class=\"rtin-item-image\">\r\n\t\t\t\t\t<a href=\"https:\/\/guzel.av.tr\/fr\/competition-policy-in-the-digital-markets-refereed\/\">\r\n\t\t\t\t\t\t<img loading=\"lazy\" decoding=\"async\" width=\"560\" height=\"360\" src=\"https:\/\/guzel.av.tr\/wp-content\/uploads\/2020\/12\/Dijital-Sektorler-560x360.jpg\" class=\"attachment-rdtheme-size7 size-rdtheme-size7 wp-post-image\" alt=\"\" \/>\t\t\t\t\t<\/a>\r\n\t\t\t\t\t<span class=\"date\">d\u00e9c.<br>06<br>2020<\/span>\t\t\t\t<\/div>\r\n\t\t\t\t<div class=\"rtin-item-info\">\r\n\t\t\t\t\t<h3><a href=\"https:\/\/guzel.av.tr\/fr\/competition-policy-in-the-digital-markets-refereed\/\">COMPETITION POLICY IN THE DIGITAL MARKETS (REFEREED)<\/a><\/h3>\r\n\t\t\t\t\t<p>Journal of Bank and Finance\u00a0Law \u2013 Volume: 9\/Issue 35\/Year: 2020, p. 833-864 Dr. Assoc. O\u011fuzkan\u2026<\/p>\r\n\t\t\t\t<\/div>\r\n\t\t\t<\/div>\t\t\t\r\n\t\t\t\t\t\t\t\t\t\t\r\n\t\t\t<div class=\"rtin-single-post\">\r\n\t\t\t\t<div class=\"rtin-item-image\">\r\n\t\t\t\t\t<a href=\"https:\/\/guzel.av.tr\/fr\/in-turkish-competition-law-de-minimis-application-begins\/\">\r\n\t\t\t\t\t\t<img loading=\"lazy\" decoding=\"async\" width=\"261\" height=\"266\" src=\"https:\/\/guzel.av.tr\/wp-content\/uploads\/2020\/12\/De-minimis-1.jpg\" class=\"attachment-rdtheme-size7 size-rdtheme-size7 wp-post-image\" alt=\"\" \/>\t\t\t\t\t<\/a>\r\n\t\t\t\t\t<span class=\"date\">d\u00e9c.<br>01<br>2020<\/span>\t\t\t\t<\/div>\r\n\t\t\t\t<div class=\"rtin-item-info\">\r\n\t\t\t\t\t<h3><a href=\"https:\/\/guzel.av.tr\/fr\/in-turkish-competition-law-de-minimis-application-begins\/\">IN TURKISH COMPETITION LAW &#8220;DE MINIMIS&#8221; APPLICATION BEGINS<\/a><\/h3>\r\n\t\t\t\t\t<p>1. The Concept of De Minimis \u201cDe minimis non curat lex \/ de minimis non\u2026<\/p>\r\n\t\t\t\t<\/div>\r\n\t\t\t<\/div>\t\t\t\r\n\t\t\t\t\t\t\t\t\t\t\r\n\t\t\t<div class=\"rtin-single-post\">\r\n\t\t\t\t<div class=\"rtin-item-image\">\r\n\t\t\t\t\t<a href=\"https:\/\/guzel.av.tr\/fr\/constational-courts-decision\/\">\r\n\t\t\t\t\t\t<img loading=\"lazy\" decoding=\"async\" width=\"311\" height=\"162\" src=\"https:\/\/guzel.av.tr\/wp-content\/uploads\/2020\/10\/Constitutional-Court.jpg\" class=\"attachment-rdtheme-size7 size-rdtheme-size7 wp-post-image\" alt=\"\" \/>\t\t\t\t\t<\/a>\r\n\t\t\t\t\t<span class=\"date\">nov.<br>03<br>2020<\/span>\t\t\t\t<\/div>\r\n\t\t\t\t<div class=\"rtin-item-info\">\r\n\t\t\t\t\t<h3><a href=\"https:\/\/guzel.av.tr\/fr\/constational-courts-decision\/\">THE CANCELLATION DECISION OF THE CONSTITUTIONAL COURT REGARDING THE GENERAL CONDITIONS OF THE ROAD TRAFFIC LAW MADE INSURANCE COMPANIES UNCERTAINED<\/a><\/h3>\r\n\t\t\t\t\t<p>Introduction With the decision of the Constitutional Court [\u201cthe Court\u201d] dated 17.07.2020, published in the\u2026<\/p>\r\n\t\t\t\t<\/div>\r\n\t\t\t<\/div>\t\t\t\r\n\t\t\t\t\t\t\t\t\t\t\r\n\t\t\t<div class=\"rtin-single-post\">\r\n\t\t\t\t<div class=\"rtin-item-image\">\r\n\t\t\t\t\t<a href=\"https:\/\/guzel.av.tr\/fr\/guideline-on-the-expanding-power-of-on-site-inspection-digital-search-power-is-published-by-the-competition-authority\/\">\r\n\t\t\t\t\t\t<img loading=\"lazy\" decoding=\"async\" width=\"560\" height=\"304\" src=\"https:\/\/guzel.av.tr\/wp-content\/uploads\/2020\/10\/Yerinde-Inceleme-560x304.jpg\" class=\"attachment-rdtheme-size7 size-rdtheme-size7 wp-post-image\" alt=\"\" \/>\t\t\t\t\t<\/a>\r\n\t\t\t\t\t<span class=\"date\">oct.<br>13<br>2020<\/span>\t\t\t\t<\/div>\r\n\t\t\t\t<div class=\"rtin-item-info\">\r\n\t\t\t\t\t<h3><a href=\"https:\/\/guzel.av.tr\/fr\/guideline-on-the-expanding-power-of-on-site-inspection-digital-search-power-is-published-by-the-competition-authority\/\">GUIDELINE ON THE EXPANDING POWER OF ON-SITE INSPECTION (DIGITAL SEARCH POWER) IS PUBLISHED BY THE COMPETITION AUTHORITY<\/a><\/h3>\r\n\t\t\t\t\t<p>Introduction &#8220;Guidelines on Examination of Digital Data in On-Site Inspection&#8221; [\u201cthe Guideline\u201d][1] is published by\u2026<\/p>\r\n\t\t\t\t<\/div>\r\n\t\t\t<\/div>\t\t\t\r\n\t\t\t\t\t<\/div>\r\n<\/div>[\/vc_column][\/vc_row][vc_row][vc_column]<div class=\"rt-law-slider-1 owl-wrap rt-owl-nav-1 slider-nav-enabled\">\t\t\n\t<div class=\"row\">\n\t\t<div class=\"owl-theme owl-carousel rt-owl-carousel\" data-carousel-options=\"{&quot;nav&quot;:true,&quot;navText&quot;:[&quot;&lt;i class=&#039;fa fa-angle-left&#039;&gt;&lt;\\\/i&gt;&quot;,&quot;&lt;i class=&#039;fa fa-angle-right&#039;&gt;&lt;\\\/i&gt;&quot;],&quot;dots&quot;:false,&quot;autoplay&quot;:true,&quot;autoplayTimeout&quot;:&quot;5000&quot;,&quot;autoplaySpeed&quot;:&quot;200&quot;,&quot;autoplayHoverPause&quot;:true,&quot;loop&quot;:true,&quot;margin&quot;:0,&quot;responsive&quot;:{&quot;0&quot;:{&quot;items&quot;:1},&quot;480&quot;:{&quot;items&quot;:1},&quot;768&quot;:{&quot;items&quot;:2},&quot;992&quot;:{&quot;items&quot;:3},&quot;1200&quot;:{&quot;items&quot;:3}}}\">\n\t\t\t\t\t\t\t\t\t\t\t\t\t\t\t\t\t\n\t\t\t\t\t<div class=\"rtin-single-practice\">\n\t\t\t\t\t\t<div class=\"single-practice-content\">\n\t\t\t\t\t\t\t\t\t\t\t\t\t\t\t\t\t\t\t\t\t\t\t<i class=\"fa fa-rocket\"><\/i>\n\t\t\t\t\t\t\t\t\t\t\t\t\t\t\t\t\t\t\t\t\t\t<h3><a href=\"https:\/\/guzel.av.tr\/fr\/law\/competition-law\/\">Droit de la Concurrence<\/a><\/h3>\n\t\t\t\t\t\t\t<p>Le cabinet offre des conseils juridiques dans le domaine du droit de la concurrence, notamment\u2026<\/p>\n\t\t\t\t\t\t\t<div class=\"read-more\">\n\t\t\t\t\t\t\t\t<a style=\"font-size:26px;\" href=\"https:\/\/guzel.av.tr\/fr\/law\/competition-law\/\">+<\/a>\n\t\t\t\t\t\t\t<\/div>\n\t\t\t\t\t\t<\/div>\n\t\t\t\t\t<\/div>\n\t\t\t\t\t\t\t\t\t\t\t\t\t\t\n\t\t\t\t\t<div class=\"rtin-single-practice\">\n\t\t\t\t\t\t<div class=\"single-practice-content\">\n\t\t\t\t\t\t\t\t\t\t\t\t\t\t\t\t\t\t\t\t\t\t\t<i class=\"fa fa-bar-chart\"><\/i>\n\t\t\t\t\t\t\t\t\t\t\t\t\t\t\t\t\t\t\t\t\t\t<h3><a href=\"https:\/\/guzel.av.tr\/fr\/law\/banking-finance-law\/\">Droit Bancaire et Financier<\/a><\/h3>\n\t\t\t\t\t\t\t<p>Le cabinet offre des services juridiques sur le cadre juridique r\u00e9gissant le secteur bancaire en\u2026<\/p>\n\t\t\t\t\t\t\t<div class=\"read-more\">\n\t\t\t\t\t\t\t\t<a style=\"font-size:26px;\" href=\"https:\/\/guzel.av.tr\/fr\/law\/banking-finance-law\/\">+<\/a>\n\t\t\t\t\t\t\t<\/div>\n\t\t\t\t\t\t<\/div>\n\t\t\t\t\t<\/div>\n\t\t\t\t\t\t\t\t\t\t\t\t\t\t\n\t\t\t\t\t<div class=\"rtin-single-practice\">\n\t\t\t\t\t\t<div class=\"single-practice-content\">\n\t\t\t\t\t\t\t\t\t\t\t\t\t\t\t\t\t\t\t\t\t\t\t<i class=\"fa fa-tablet\"><\/i>\n\t\t\t\t\t\t\t\t\t\t\t\t\t\t\t\t\t\t\t\t\t\t<h3><a href=\"https:\/\/guzel.av.tr\/fr\/law\/electronic-communications-law\/\">Droit de la Communication Electronique<\/a><\/h3>\n\t\t\t\t\t\t\t<p>Notre cabinet offre des conseils juridiques permanents en ce qui concerne l&#8217;octroi des licences; le\u2026<\/p>\n\t\t\t\t\t\t\t<div class=\"read-more\">\n\t\t\t\t\t\t\t\t<a style=\"font-size:26px;\" href=\"https:\/\/guzel.av.tr\/fr\/law\/electronic-communications-law\/\">+<\/a>\n\t\t\t\t\t\t\t<\/div>\n\t\t\t\t\t\t<\/div>\n\t\t\t\t\t<\/div>\n\t\t\t\t\t\t\t\t\t\t\t\t\t\t\n\t\t\t\t\t<div class=\"rtin-single-practice\">\n\t\t\t\t\t\t<div class=\"single-practice-content\">\n\t\t\t\t\t\t\t\t\t\t\t\t\t\t\t\t\t\t\t\t\t\t\t<i class=\"fa fa-briefcase\"><\/i>\n\t\t\t\t\t\t\t\t\t\t\t\t\t\t\t\t\t\t\t\t\t\t<h3><a href=\"https:\/\/guzel.av.tr\/fr\/law\/administrative-law\/\">Droit Administratif<\/a><\/h3>\n\t\t\t\t\t\t\t<p>Conform\u00e9ment au principe que tous actes et actions de l&#8217;administration doivent \u00c2tre conformes au droit\u2026<\/p>\n\t\t\t\t\t\t\t<div class=\"read-more\">\n\t\t\t\t\t\t\t\t<a style=\"font-size:26px;\" href=\"https:\/\/guzel.av.tr\/fr\/law\/administrative-law\/\">+<\/a>\n\t\t\t\t\t\t\t<\/div>\n\t\t\t\t\t\t<\/div>\n\t\t\t\t\t<\/div>\n\t\t\t\t\t\t\t\t\t\t\t\t\t\t\n\t\t\t\t\t<div class=\"rtin-single-practice\">\n\t\t\t\t\t\t<div class=\"single-practice-content\">\n\t\t\t\t\t\t\t\t\t\t\t\t\t\t\t\t\t\t\t\t\t\t\t<i class=\"fa fa-industry\"><\/i>\n\t\t\t\t\t\t\t\t\t\t\t\t\t\t\t\t\t\t\t\t\t\t<h3><a href=\"https:\/\/guzel.av.tr\/fr\/law\/trade-remedies\/\">Mesures Correctives Commerciales (Anti-Dumping)<\/a><\/h3>\n\t\t\t\t\t\t\t<p>Ayant adopt\u00e9 sa premi\u00e8re l\u00e9gislation en la mati\u00e8re, et men\u00e9 sa premi\u00e8re enqu\u00eate, en 1989,\u2026<\/p>\n\t\t\t\t\t\t\t<div class=\"read-more\">\n\t\t\t\t\t\t\t\t<a style=\"font-size:26px;\" href=\"https:\/\/guzel.av.tr\/fr\/law\/trade-remedies\/\">+<\/a>\n\t\t\t\t\t\t\t<\/div>\n\t\t\t\t\t\t<\/div>\n\t\t\t\t\t<\/div>\n\t\t\t\t\t\t\t\t\t\t\t\t\t\t\n\t\t\t\t\t<div class=\"rtin-single-practice\">\n\t\t\t\t\t\t<div class=\"single-practice-content\">\n\t\t\t\t\t\t\t\t\t\t\t\t\t\t\t\t\t\t\t\t\t\t\t<i class=\"fa fa-plug\"><\/i>\n\t\t\t\t\t\t\t\t\t\t\t\t\t\t\t\t\t\t\t\t\t\t<h3><a href=\"https:\/\/guzel.av.tr\/fr\/law\/energy-law\/\">Droit de l&#8217;Energie<\/a><\/h3>\n\t\t\t\t\t\t\t<p>Nous offrons des conseils juridiques sur la l\u00e9gislation secondaire adopt\u00e9 conform\u00e9ment \u00c3\u00a0 la loi sur\u2026<\/p>\n\t\t\t\t\t\t\t<div class=\"read-more\">\n\t\t\t\t\t\t\t\t<a style=\"font-size:26px;\" href=\"https:\/\/guzel.av.tr\/fr\/law\/energy-law\/\">+<\/a>\n\t\t\t\t\t\t\t<\/div>\n\t\t\t\t\t\t<\/div>\n\t\t\t\t\t<\/div>\n\t\t\t\t\t\t\t\t\t\t\t\t\t\t\n\t\t\t\t\t<div class=\"rtin-single-practice\">\n\t\t\t\t\t\t<div class=\"single-practice-content\">\n\t\t\t\t\t\t\t\t\t\t\t\t\t\t\t\t\t\t\t\t\t\t\t<i class=\"fa fa-line-chart\"><\/i>\n\t\t\t\t\t\t\t\t\t\t\t\t\t\t\t\t\t\t\t\t\t\t<h3><a href=\"https:\/\/guzel.av.tr\/fr\/law\/capital-market-law\/\">Droit des Marc\u00e9s des Capitaux<\/a><\/h3>\n\t\t\t\t\t\t\t<p>Ayant adopt\u00e9 la loi no: 2499, &#8220;Loi sur le march\u00e9 des capitaux&#8221; en 1981, le\u2026<\/p>\n\t\t\t\t\t\t\t<div class=\"read-more\">\n\t\t\t\t\t\t\t\t<a style=\"font-size:26px;\" href=\"https:\/\/guzel.av.tr\/fr\/law\/capital-market-law\/\">+<\/a>\n\t\t\t\t\t\t\t<\/div>\n\t\t\t\t\t\t<\/div>\n\t\t\t\t\t<\/div>\n\t\t\t\t\t\t\t\t\t\t\t\t\t\t\n\t\t\t\t\t<div class=\"rtin-single-practice\">\n\t\t\t\t\t\t<div class=\"single-practice-content\">\n\t\t\t\t\t\t\t\t\t\t\t\t\t\t\t\t\t\t\t\t\t\t\t<i class=\"fa fa-pencil-square-o\"><\/i>\n\t\t\t\t\t\t\t\t\t\t\t\t\t\t\t\t\t\t\t\t\t\t<h3><a href=\"https:\/\/guzel.av.tr\/fr\/law\/public-procurement-law\/\">Droit des March\u00e9s Publics<\/a><\/h3>\n\t\t\t\t\t\t\t<p>Nous offrons des conseils juridiques dans les proc\u00e9dures de plainte et de plainte sur objection\u2026<\/p>\n\t\t\t\t\t\t\t<div class=\"read-more\">\n\t\t\t\t\t\t\t\t<a style=\"font-size:26px;\" href=\"https:\/\/guzel.av.tr\/fr\/law\/public-procurement-law\/\">+<\/a>\n\t\t\t\t\t\t\t<\/div>\n\t\t\t\t\t\t<\/div>\n\t\t\t\t\t<\/div>\n\t\t\t\t\t\t\t\t\t\t\t\t\t\t\n\t\t\t\t\t<div class=\"rtin-single-practice\">\n\t\t\t\t\t\t<div class=\"single-practice-content\">\n\t\t\t\t\t\t\t\t\t\t\t\t\t\t\t\t\t\t\t\t\t\t\t<i class=\"fa fa-building\"><\/i>\n\t\t\t\t\t\t\t\t\t\t\t\t\t\t\t\t\t\t\t\t\t\t<h3><a href=\"https:\/\/guzel.av.tr\/fr\/law\/corporate-law\/\">Droit Commercial et Droit des Soci\u00e9t\u00e9s<\/a><\/h3>\n\t\t\t\t\t\t\t<p>\u00c0 compter de la phase d&#8217;\u00e9tablissement de la soci\u00e9t\u00e9, les clients nationaux et \u00e9trangers se\u2026<\/p>\n\t\t\t\t\t\t\t<div class=\"read-more\">\n\t\t\t\t\t\t\t\t<a style=\"font-size:26px;\" href=\"https:\/\/guzel.av.tr\/fr\/law\/corporate-law\/\">+<\/a>\n\t\t\t\t\t\t\t<\/div>\n\t\t\t\t\t\t<\/div>\n\t\t\t\t\t<\/div>\n\t\t\t\t\t\t\t\t\t\t\t\t\t\t\n\t\t\t\t\t<div class=\"rtin-single-practice\">\n\t\t\t\t\t\t<div class=\"single-practice-content\">\n\t\t\t\t\t\t\t\t\t\t\t\t\t\t\t\t\t\t\t\t\t\t\t<i class=\"fa fa-users\"><\/i>\n\t\t\t\t\t\t\t\t\t\t\t\t\t\t\t\t\t\t\t\t\t\t<h3><a href=\"https:\/\/guzel.av.tr\/fr\/law\/labor-law\/\">Droit du Travail<\/a><\/h3>\n\t\t\t\t\t\t\t<p>Nous fournissons \u00e0 nos clients des services complets et r\u00e9guliers dans le cadre du droit\u2026<\/p>\n\t\t\t\t\t\t\t<div class=\"read-more\">\n\t\t\t\t\t\t\t\t<a style=\"font-size:26px;\" href=\"https:\/\/guzel.av.tr\/fr\/law\/labor-law\/\">+<\/a>\n\t\t\t\t\t\t\t<\/div>\n\t\t\t\t\t\t<\/div>\n\t\t\t\t\t<\/div>\n\t\t\t\t\t\t\t\t\t\t\t\t<\/div>\n\t<\/div>\n<\/div>[\/vc_column][\/vc_row]<\/p>\n<\/div>","protected":false},"excerpt":{"rendered":"<p>[vc_row][vc_column][layerslider_vc id=&#8221;9&#8243;][\/vc_column][\/vc_row][vc_row][vc_column][\/vc_column][\/vc_row][vc_row][vc_column][\/vc_column][\/vc_row]<\/p>\n","protected":false},"author":1,"featured_media":0,"parent":0,"menu_order":0,"comment_status":"closed","ping_status":"closed","template":"","meta":{"footnotes":""},"class_list":["post-1885","page","type-page","status-publish","hentry"],"_links":{"self":[{"href":"https:\/\/guzel.av.tr\/fr\/wp-json\/wp\/v2\/pages\/1885","targetHints":{"allow":["GET"]}}],"collection":[{"href":"https:\/\/guzel.av.tr\/fr\/wp-json\/wp\/v2\/pages"}],"about":[{"href":"https:\/\/guzel.av.tr\/fr\/wp-json\/wp\/v2\/types\/page"}],"author":[{"embeddable":true,"href":"https:\/\/guzel.av.tr\/fr\/wp-json\/wp\/v2\/users\/1"}],"replies":[{"embeddable":true,"href":"https:\/\/guzel.av.tr\/fr\/wp-json\/wp\/v2\/comments?post=1885"}],"version-history":[{"count":76,"href":"https:\/\/guzel.av.tr\/fr\/wp-json\/wp\/v2\/pages\/1885\/revisions"}],"predecessor-version":[{"id":3473,"href":"https:\/\/guzel.av.tr\/fr\/wp-json\/wp\/v2\/pages\/1885\/revisions\/3473"}],"wp:attachment":[{"href":"https:\/\/guzel.av.tr\/fr\/wp-json\/wp\/v2\/media?parent=1885"}],"curies":[{"name":"wp","href":"https:\/\/api.w.org\/{rel}","templated":true}]}}